{"id":44,"date":"2013-07-08T18:42:41","date_gmt":"2013-07-08T16:42:41","guid":{"rendered":"http:\/\/www.gregvill.hu\/?page_id=44"},"modified":"2016-01-25T18:24:03","modified_gmt":"2016-01-25T17:24:03","slug":"kabelteve-szereles","status":"publish","type":"page","link":"https:\/\/www.gregvill.hu\/?page_id=44","title":{"rendered":"K\u00e1belt\u00e9v\u00e9 szerel\u00e9s"},"content":{"rendered":"<p><strong>V\u00e1llalom k\u00e1belt\u00e9v\u00e9 el\u0151fizet\u00e9s eset\u00e9n a lak\u00e1son\/h\u00e1zon bel\u00fcli k\u00e1belh\u00e1l\u00f3zat ki\u00e9p\u00edt\u00e9s\u00e9t, jav\u00edt\u00e1s\u00e1t \u00e9s b\u0151v\u00edt\u00e9s\u00e9t.<\/strong><\/p>\n<p><img loading=\"lazy\" class=\"aligncenter wp-image-117 size-full\" src=\"http:\/\/www.gregvill.hu\/wp-content\/uploads\/2013\/07\/cable-television.jpg\" alt=\"cable-television\" width=\"600\" height=\"399\" srcset=\"https:\/\/www.gregvill.hu\/wp-content\/uploads\/2013\/07\/cable-television.jpg 600w, https:\/\/www.gregvill.hu\/wp-content\/uploads\/2013\/07\/cable-television-300x199.jpg 300w, https:\/\/www.gregvill.hu\/wp-content\/uploads\/2013\/07\/cable-television-332x220.jpg 332w\" sizes=\"(max-width: 600px) 100vw, 600px\" \/><\/p>\n<p><strong>Az al\u00e1bbi r\u00e9szter\u00fcleteken tudok seg\u00edts\u00e9get ny\u00fajtani:<\/strong><\/p>\n<ul>\n<li>k\u00e1belh\u00e1l\u00f3zat ki\u00e9p\u00edt\u00e9se \u00faj v\u00e9gponti aljzatokkal<\/li>\n<li>megl\u00e9v\u0151 k\u00e1belez\u00e9s cser\u00e9je, jav\u00edt\u00e1sa<\/li>\n<li>Internet \u00e9s m\u00e9diat\u00e1r haszn\u00e1lat\u00e1ra megl\u00e9v\u0151 h\u00e1l\u00f3zat \u00e1talak\u00edt\u00e1sa (visszir\u00e1ny kialak\u00edt\u00e1sa)<\/li>\n<li>szob\u00e1k bek\u00f6t\u00e9se, \u00faj v\u00e9gpontok kialak\u00edt\u00e1sa, b\u0151v\u00edt\u00e9s<\/li>\n<li>jelszintm\u00e9r\u00e9s, rossz k\u00e9pmin\u0151s\u00e9g forr\u00e1s\u00e1nak felder\u00edt\u00e9se<\/li>\n<\/ul>\n<p><em>T\u00e1rsash\u00e1zi \u00e9s nagy csal\u00e1di h\u00e1zas rendszerek eset\u00e9ben er\u0151s\u00edt\u0151k \u00e9s fej\u00e1llom\u00e1sok ki\u00e9p\u00edt\u00e9s\u00e9t is v\u00e1llalom!<\/em><\/p>\n<p><img loading=\"lazy\" class=\"aligncenter wp-image-118 size-full\" src=\"http:\/\/www.gregvill.hu\/wp-content\/uploads\/2013\/07\/triax-fej.jpg\" alt=\"triax-fej\" width=\"622\" height=\"537\" srcset=\"https:\/\/www.gregvill.hu\/wp-content\/uploads\/2013\/07\/triax-fej.jpg 622w, https:\/\/www.gregvill.hu\/wp-content\/uploads\/2013\/07\/triax-fej-600x518.jpg 600w, https:\/\/www.gregvill.hu\/wp-content\/uploads\/2013\/07\/triax-fej-300x259.jpg 300w, https:\/\/www.gregvill.hu\/wp-content\/uploads\/2013\/07\/triax-fej-332x286.jpg 332w\" sizes=\"(max-width: 622px) 100vw, 622px\" \/><\/p>\n","protected":false},"excerpt":{"rendered":"<p>V\u00e1llalom k\u00e1belt\u00e9v\u00e9 el\u0151fizet\u00e9s eset\u00e9n a lak\u00e1son\/h\u00e1zon bel\u00fcli k\u00e1belh\u00e1l\u00f3zat ki\u00e9p\u00edt\u00e9s\u00e9t, jav\u00edt\u00e1s\u00e1t \u00e9s b\u0151v\u00edt\u00e9s\u00e9t. Az al\u00e1bbi r\u00e9szter\u00fcleteken tudok seg\u00edts\u00e9get ny\u00fajtani: k\u00e1belh\u00e1l\u00f3zat ki\u00e9p\u00edt\u00e9se \u00faj v\u00e9gponti aljzatokkal megl\u00e9v\u0151 k\u00e1belez\u00e9s cser\u00e9je, jav\u00edt\u00e1sa Internet \u00e9s m\u00e9diat\u00e1r haszn\u00e1lat\u00e1ra megl\u00e9v\u0151 h\u00e1l\u00f3zat \u00e1talak\u00edt\u00e1sa (visszir\u00e1ny kialak\u00edt\u00e1sa) szob\u00e1k bek\u00f6t\u00e9se, \u00faj v\u00e9gpontok kialak\u00edt\u00e1sa, b\u0151v\u00edt\u00e9s jelszintm\u00e9r\u00e9s, rossz k\u00e9pmin\u0151s\u00e9g forr\u00e1s\u00e1nak felder\u00edt\u00e9se T\u00e1rsash\u00e1zi \u00e9s nagy &#8230;<\/p>\n","protected":false},"author":1,"featured_media":0,"parent":7,"menu_order":0,"comment_status":"closed","ping_status":"closed","template":"","meta":[],"_links":{"self":[{"href":"https:\/\/www.gregvill.hu\/index.php?rest_route=\/wp\/v2\/pages\/44"}],"collection":[{"href":"https:\/\/www.gregvill.hu\/index.php?rest_route=\/wp\/v2\/pages"}],"about":[{"href":"https:\/\/www.gregvill.hu\/index.php?rest_route=\/wp\/v2\/types\/page"}],"author":[{"embeddable":true,"href":"https:\/\/www.gregvill.hu\/index.php?rest_route=\/wp\/v2\/users\/1"}],"replies":[{"embeddable":true,"href":"https:\/\/www.gregvill.hu\/index.php?rest_route=%2Fwp%2Fv2%2Fcomments&post=44"}],"version-history":[{"count":6,"href":"https:\/\/www.gregvill.hu\/index.php?rest_route=\/wp\/v2\/pages\/44\/revisions"}],"predecessor-version":[{"id":211,"href":"https:\/\/www.gregvill.hu\/index.php?rest_route=\/wp\/v2\/pages\/44\/revisions\/211"}],"up":[{"embeddable":true,"href":"https:\/\/www.gregvill.hu\/index.php?rest_route=\/wp\/v2\/pages\/7"}],"wp:attachment":[{"href":"https:\/\/www.gregvill.hu\/index.php?rest_route=%2Fwp%2Fv2%2Fmedia&parent=44"}],"curies":[{"name":"wp","href":"https:\/\/api.w.org\/{rel}","templated":true}]}}